{"id":202,"date":"2019-06-03T17:15:32","date_gmt":"2019-06-03T15:15:32","guid":{"rendered":"http:\/\/www.gs-alt-wolfsburg.de\/wp\/?page_id=202"},"modified":"2025-06-02T10:33:30","modified_gmt":"2025-06-02T08:33:30","slug":"ganztagsangebote","status":"publish","type":"page","link":"https:\/\/dev.gs-alt-wolfsburg.de\/?page_id=202","title":{"rendered":"Ganztagsangebote"},"content":{"rendered":"<div class=\"wp-block-image\">\n<figure class=\"alignleft\"><img loading=\"lazy\" decoding=\"async\" width=\"300\" height=\"257\" src=\"https:\/\/dev.gs-alt-wolfsburg.de\/wp-content\/uploads\/2019\/06\/Awo-logo-08-300x257.png\" alt=\"\" class=\"wp-image-239\" srcset=\"https:\/\/dev.gs-alt-wolfsburg.de\/wp-content\/uploads\/2019\/06\/Awo-logo-08-300x257.png 300w, https:\/\/dev.gs-alt-wolfsburg.de\/wp-content\/uploads\/2019\/06\/Awo-logo-08-768x658.png 768w, https:\/\/dev.gs-alt-wolfsburg.de\/wp-content\/uploads\/2019\/06\/Awo-logo-08-1024x878.png 1024w, https:\/\/dev.gs-alt-wolfsburg.de\/wp-content\/uploads\/2019\/06\/Awo-logo-08.png 2000w\" sizes=\"(max-width: 300px) 100vw, 300px\" \/><\/figure><\/div>\n\n\n<p>Seit dem 1.8.2010 ist die Grundschule Alt Wolfsburg eine Offene Ganztagsschule, d.h. eine Teilnahme am Nachmittagsangebot (auch am Do.) beruht auf Freiwilligkeit.<\/p>\n\n\n\n<p>Dienstleister des Nachmittagsangebotes ist der AWO Bezirksverband Braunschweig e.V.. Dieser wird vertreten \u00fcber die Ganztagskoordinatorin Claudia Stevens. Frau Stevens ist im Schuljahr 2025\/2026&nbsp; von 12.00-16.00 Uhr unter der Telefonnummer 05361-8660530 im B\u00fcro erreichbar.<\/p>\n\n\n\n<p>Grunds\u00e4tzlich erfolgt die Anmeldung f\u00fcr das Nachmittagsangebot verbindlich f\u00fcr ein Jahr \u00fcber das Sekretariat der Schule. Die Anmeldung verl\u00e4ngert sich automatisch, wenn der Sch\u00fcler nicht 4 Wochen vor Ende des Schuljahres abgemeldet wird. Mit erfolgreichem Abschluss der 4. Klasse erfolgt die Abmeldung automatisch. <strong>Eine Teilnahme ist kostenfrei.<\/strong><\/p>\n\n\n\n<p>Die Teilnahme am Mittagessen ist gew\u00fcnscht und kostenpflichtig, die An- und Ummeldung erfolgt ebenfalls \u00fcber das Sekretariat der Schule und muss sp\u00e4testens bis zum 15. eines Vormonats erfolgen.<\/p>\n\n\n\n<p>Einen kostenpflichtigen Fr\u00fchdienst wird es f\u00fcr das Schuljahr 2025\/2026 nicht geben.<\/p>\n\n\n\n<p>Nach dem Unterricht schlie\u00dft sich von 12.10 \u2013 15.45 Uhr der Nachmittagsbereich der Ganztagsschule an. Da es sich um ein kostenfreies Angebot handelt, sieht die Stadt Wolfsburg eine verpflichtende Teilnahme bis 15:45 bzw. 16:00 Uhr vor. Gem\u00e4\u00df der Elternabfrage haben wir uns dazu entschieden eine zweite Abholzeit zu um 15 Uhr einzuf\u00fchren. Bitte denken Sie, dass die extra Abholzeit auch <strong>angemeldet <\/strong>werden muss und f\u00fcr <strong>alle<\/strong> angemeldeten Tage gilt. Eine \u00c4nderung der Abholzeit ist fr\u00fchestens zum 1. Schulhalbjahr m\u00f6glich. Abweichungen von den Abholzeiten gibt es am Donnerstag nach dem Angebot mit den Lehrkr\u00e4ften in ihren Klassen (15.30 Uhr) und am Freitag (ab 14 Uhr). Bei besonderen Anl\u00e4ssen wie Arztbesuchen, Therapien, Sportvereinen oder anderen Veranstaltungen wird eine Bescheinigung als Nachweis ben\u00f6tigt. Bitte sehen Sie davon ab, Ihr Kind \u00fcber Email abzumelden, da hier nicht immer gew\u00e4hrleistet werden kann, dass dies auch die entsprechenden Gruppen erreicht. Geben Sie Ihrem Kind gerne eine schriftliche Benachrichtigung mit.<\/p>\n\n\n\n<p>Bitte beachten Sie bei fr\u00fcherer Abholung unsere Essenszeiten:<\/p>\n\n\n\n<p><strong>&nbsp;&nbsp;&nbsp;&nbsp;&nbsp;&nbsp;&nbsp;&nbsp;&nbsp;&nbsp;&nbsp;&nbsp;&nbsp;&nbsp;&nbsp; &nbsp;&nbsp;&nbsp;&nbsp;&nbsp;&nbsp;&nbsp;&nbsp;&nbsp;&nbsp;&nbsp;&nbsp;&nbsp;&nbsp;&nbsp;&nbsp;&nbsp;&nbsp;Mo. &nbsp;&nbsp;&nbsp;&nbsp;&nbsp;&nbsp;&nbsp;&nbsp;&nbsp;&nbsp;&nbsp;&nbsp;&nbsp;&nbsp;&nbsp;&nbsp;&nbsp;&nbsp;&nbsp;&nbsp;&nbsp;&nbsp;&nbsp;&nbsp;&nbsp;&nbsp;&nbsp;&nbsp;&nbsp;&nbsp;&nbsp;&nbsp;&nbsp;&nbsp;&nbsp;&nbsp;&nbsp;&nbsp;&nbsp;&nbsp;&nbsp;&nbsp;&nbsp;&nbsp;&nbsp;&nbsp;&nbsp;&nbsp;&nbsp;+ Di. + Fr. &nbsp;&nbsp;&nbsp;&nbsp;&nbsp;&nbsp;&nbsp;&nbsp;&nbsp;&nbsp;&nbsp; &nbsp;&nbsp;&nbsp;&nbsp;&nbsp;&nbsp;&nbsp;&nbsp;&nbsp;&nbsp;&nbsp;&nbsp;&nbsp;&nbsp;&nbsp;Mi. &nbsp;&nbsp;&nbsp;&nbsp;&nbsp;&nbsp;&nbsp;&nbsp;&nbsp;&nbsp;&nbsp;&nbsp;&nbsp;&nbsp; &nbsp;&nbsp;&nbsp;&nbsp;Do<\/strong>.&nbsp;&nbsp;&nbsp;&nbsp;&nbsp;&nbsp;&nbsp;&nbsp;&nbsp;&nbsp; &nbsp;&nbsp;&nbsp;&nbsp;&nbsp;&nbsp;&nbsp;&nbsp;&nbsp;&nbsp;&nbsp;&nbsp;&nbsp;&nbsp;&nbsp;&nbsp;&nbsp;&nbsp;&nbsp; &nbsp;<\/p>\n\n\n\n<p><strong>Kl.2\u00a0\u00a0\u00a0\u00a0\u00a0\u00a0\u00a0 \u00a0\u00a0\u00a0\u00a0\u00a0\u00a0\u00a0\u00a0\u00a0\u00a0\u00a0\u00a0\u00a012.10 Uhr\u00a0\u00a0\u00a0\u00a0\u00a0\u00a0\u00a0\u00a0\u00a0\u00a0\u00a0\u00a0\u00a0\u00a0\u00a0\u00a0\u00a0\u00a0\u00a0\u00a0 \u00a0\u00a0 Kl. 1+2<\/strong> \u00a0\u00a0\u00a0\u00a0\u00a0\u00a0\u00a0 12.10 Uhr \u00a0\u00a0\u00a0\u00a0\u00a0\u00a0\u00a0\u00a0\u00a0\u00a0\u00a0\u00a0\u00a0\u00a0\u00a0\u00a0\u00a0\u00a0\u00a0 13.00 Uhr\u00a0\u00a0 \u00a0\u00a0 \u00a0\u00a0\u00a0\u00a0 \u00a011.45\/12.15 Uhr<\/p>\n\n\n\n<p><strong>Kl. 1+3+4 &nbsp;&nbsp;&nbsp;&nbsp;&nbsp;&nbsp;&nbsp;&nbsp;&nbsp;&nbsp;&nbsp;13.00 Uhr&nbsp;&nbsp;&nbsp; &nbsp;&nbsp;&nbsp;&nbsp;&nbsp;&nbsp;&nbsp;&nbsp;&nbsp;&nbsp;&nbsp;&nbsp;&nbsp;&nbsp;&nbsp;&nbsp;&nbsp;&nbsp;&nbsp;&nbsp;Kl. 3+4<\/strong> &nbsp;&nbsp;&nbsp;&nbsp;&nbsp;&nbsp;&nbsp;&nbsp;13.00 Uhr &nbsp;&nbsp;&nbsp;&nbsp;&nbsp;&nbsp;&nbsp;&nbsp;&nbsp;&nbsp;&nbsp;&nbsp;&nbsp;&nbsp;&nbsp;&nbsp;&nbsp;&nbsp;&nbsp; 13.45 Uhr&nbsp;&nbsp; &nbsp;&nbsp; &nbsp;&nbsp;&nbsp;&nbsp; &nbsp;13.00 Uhr<\/p>\n\n\n\n<p>Eine kostenpflichtige <strong>Ferienbetreuung<\/strong> kann nach Anmeldung in Anspruch genommen werden. Das Angebot richtet sich an die Sch\u00fcler*innen von der 1.- 3. Klasse der Grundschule Alt-Wolfsburg und der Leonardo-Da-Vinci-Schule. Die Anmeldefristen entnehmen Sie bitte den Anmeldeb\u00f6gen (siehe Downloads). <strong>Die Pl\u00e4tze sind begrenzt und werden nach Eingang der Anmeldungen vergeben!<\/strong><\/p>\n\n\n\n<p>Aus personellen Gr\u00fcnden ist es momentan leider nicht m\u00f6glich, \u00fcber die Sommerferien 2024 hinaus verl\u00e4sslich eine Ferienbetreuung zuzusagen. Die Stadt Wolfsburg bietet jedoch Alternativen an, die Sie der Homepage unter www.ferien-wolfsburg.de entnehmen k\u00f6nnen.<\/p>\n\n\n\n<p>Weitere Informationen und einen ersten Eindruck erhalten sie durch die nachfolgenden Dateien.<\/p>\n\n\n\n<div class=\"wp-block-file\"><a id=\"wp-block-file--media-425ddf84-a1b5-4618-a3e7-8a380b22921d\" href=\"https:\/\/dev.gs-alt-wolfsburg.de\/wp-content\/uploads\/2022\/11\/Ganztagskonzept2022.ppt.pdf\">Ganztagskonzept 2022<\/a><a href=\"https:\/\/dev.gs-alt-wolfsburg.de\/wp-content\/uploads\/2022\/11\/Ganztagskonzept2022.ppt.pdf\" class=\"wp-block-file__button wp-element-button\" download aria-describedby=\"wp-block-file--media-425ddf84-a1b5-4618-a3e7-8a380b22921d\">Herunterladen<\/a><\/div>\n\n\n\n<p><\/p>\n\n\n\n<div class=\"wp-block-file\"><a id=\"wp-block-file--media-3b390696-7cbb-44f7-b0b9-aea1d5a0639f\" href=\"https:\/\/dev.gs-alt-wolfsburg.de\/wp-content\/uploads\/2025\/02\/Aktivitaetenplan.xlsx\">Aktivit\u00e4tenplan<\/a><a href=\"https:\/\/dev.gs-alt-wolfsburg.de\/wp-content\/uploads\/2025\/02\/Aktivitaetenplan.xlsx\" class=\"wp-block-file__button wp-element-button\" download aria-describedby=\"wp-block-file--media-3b390696-7cbb-44f7-b0b9-aea1d5a0639f\">Herunterladen<\/a><\/div>\n\n\n\n<p><\/p>\n\n\n\n<div class=\"wp-block-file\"><a id=\"wp-block-file--media-60a70ca0-3e8e-4b17-9e8f-42af4352c97f\" href=\"https:\/\/dev.gs-alt-wolfsburg.de\/wp-content\/uploads\/2023\/05\/Eindruecke-aus-unseren-AGen.docx.pdf\">Eindr\u00fccke aus unseren AGen<\/a><a href=\"https:\/\/dev.gs-alt-wolfsburg.de\/wp-content\/uploads\/2023\/05\/Eindruecke-aus-unseren-AGen.docx.pdf\" class=\"wp-block-file__button wp-element-button\" download aria-describedby=\"wp-block-file--media-60a70ca0-3e8e-4b17-9e8f-42af4352c97f\">Herunterladen<\/a><\/div>\n\n\n\n<p><\/p>\n\n\n\n<p><\/p>\n\n\n\n<p><\/p>\n\n\n\n<p><strong><strong>Formulare zur An- , Um- und Abmeldungen des Nachmittagsbesuchs, der Schulverpflegung und Ferienbetreuung finden Sie unter der Rubrik \u201eDownloads\u201c.<\/strong><\/strong><\/p>\n\n\n\n<p><\/p>\n\n\n\n<figure class=\"wp-block-gallery has-nested-images columns-default is-cropped wp-block-gallery-1 is-layout-flex wp-block-gallery-is-layout-flex\">\n<figure class=\"wp-block-image size-large\"><img loading=\"lazy\" decoding=\"async\" width=\"1024\" height=\"683\" data-id=\"601\" src=\"https:\/\/dev.gs-alt-wolfsburg.de\/wp-content\/uploads\/2020\/10\/20200920_GS-Alt-Wolfsburg_IK17593-1024x683.jpg\" alt=\"\" class=\"wp-image-601\" srcset=\"https:\/\/dev.gs-alt-wolfsburg.de\/wp-content\/uploads\/2020\/10\/20200920_GS-Alt-Wolfsburg_IK17593-1024x683.jpg 1024w, https:\/\/dev.gs-alt-wolfsburg.de\/wp-content\/uploads\/2020\/10\/20200920_GS-Alt-Wolfsburg_IK17593-300x200.jpg 300w, https:\/\/dev.gs-alt-wolfsburg.de\/wp-content\/uploads\/2020\/10\/20200920_GS-Alt-Wolfsburg_IK17593-768x512.jpg 768w, https:\/\/dev.gs-alt-wolfsburg.de\/wp-content\/uploads\/2020\/10\/20200920_GS-Alt-Wolfsburg_IK17593.jpg 1280w\" sizes=\"(max-width: 1024px) 100vw, 1024px\" \/><\/figure>\n\n\n\n<figure class=\"wp-block-image size-large\"><img loading=\"lazy\" decoding=\"async\" width=\"1024\" height=\"683\" data-id=\"602\" src=\"https:\/\/dev.gs-alt-wolfsburg.de\/wp-content\/uploads\/2020\/10\/20200920_GS-Alt-Wolfsburg_IK17595-1024x683.jpg\" alt=\"\" class=\"wp-image-602\" srcset=\"https:\/\/dev.gs-alt-wolfsburg.de\/wp-content\/uploads\/2020\/10\/20200920_GS-Alt-Wolfsburg_IK17595-1024x683.jpg 1024w, https:\/\/dev.gs-alt-wolfsburg.de\/wp-content\/uploads\/2020\/10\/20200920_GS-Alt-Wolfsburg_IK17595-300x200.jpg 300w, https:\/\/dev.gs-alt-wolfsburg.de\/wp-content\/uploads\/2020\/10\/20200920_GS-Alt-Wolfsburg_IK17595-768x512.jpg 768w, https:\/\/dev.gs-alt-wolfsburg.de\/wp-content\/uploads\/2020\/10\/20200920_GS-Alt-Wolfsburg_IK17595.jpg 1280w\" sizes=\"(max-width: 1024px) 100vw, 1024px\" \/><\/figure>\n\n\n\n<figure class=\"wp-block-image size-large\"><img loading=\"lazy\" decoding=\"async\" width=\"1024\" height=\"683\" data-id=\"604\" src=\"https:\/\/dev.gs-alt-wolfsburg.de\/wp-content\/uploads\/2020\/10\/20200920_GS-Alt-Wolfsburg_IK17603-1024x683.jpg\" alt=\"\" class=\"wp-image-604\" srcset=\"https:\/\/dev.gs-alt-wolfsburg.de\/wp-content\/uploads\/2020\/10\/20200920_GS-Alt-Wolfsburg_IK17603-1024x683.jpg 1024w, https:\/\/dev.gs-alt-wolfsburg.de\/wp-content\/uploads\/2020\/10\/20200920_GS-Alt-Wolfsburg_IK17603-300x200.jpg 300w, https:\/\/dev.gs-alt-wolfsburg.de\/wp-content\/uploads\/2020\/10\/20200920_GS-Alt-Wolfsburg_IK17603-768x512.jpg 768w, https:\/\/dev.gs-alt-wolfsburg.de\/wp-content\/uploads\/2020\/10\/20200920_GS-Alt-Wolfsburg_IK17603.jpg 1280w\" sizes=\"(max-width: 1024px) 100vw, 1024px\" \/><\/figure>\n<figcaption class=\"blocks-gallery-caption wp-element-caption\">Ganztagsr\u00e4ume<\/figcaption><\/figure>\n\n\n\n<p><\/p>\n\n\n\n<figure class=\"wp-block-gallery has-nested-images columns-default is-cropped wp-block-gallery-2 is-layout-flex wp-block-gallery-is-layout-flex\">\n<figure class=\"wp-block-image size-large\"><img loading=\"lazy\" decoding=\"async\" width=\"1024\" height=\"683\" data-id=\"605\" src=\"https:\/\/dev.gs-alt-wolfsburg.de\/wp-content\/uploads\/2020\/10\/20200920_GS-Alt-Wolfsburg_IK17597-1024x683.jpg\" alt=\"\" class=\"wp-image-605\" srcset=\"https:\/\/dev.gs-alt-wolfsburg.de\/wp-content\/uploads\/2020\/10\/20200920_GS-Alt-Wolfsburg_IK17597-1024x683.jpg 1024w, https:\/\/dev.gs-alt-wolfsburg.de\/wp-content\/uploads\/2020\/10\/20200920_GS-Alt-Wolfsburg_IK17597-300x200.jpg 300w, https:\/\/dev.gs-alt-wolfsburg.de\/wp-content\/uploads\/2020\/10\/20200920_GS-Alt-Wolfsburg_IK17597-768x512.jpg 768w, https:\/\/dev.gs-alt-wolfsburg.de\/wp-content\/uploads\/2020\/10\/20200920_GS-Alt-Wolfsburg_IK17597.jpg 1280w\" sizes=\"(max-width: 1024px) 100vw, 1024px\" \/><\/figure>\n\n\n\n<figure class=\"wp-block-image size-large\"><img loading=\"lazy\" decoding=\"async\" width=\"1024\" height=\"683\" data-id=\"606\" src=\"https:\/\/dev.gs-alt-wolfsburg.de\/wp-content\/uploads\/2020\/10\/20200920_GS-Alt-Wolfsburg_IK17601-1024x683.jpg\" alt=\"\" class=\"wp-image-606\" srcset=\"https:\/\/dev.gs-alt-wolfsburg.de\/wp-content\/uploads\/2020\/10\/20200920_GS-Alt-Wolfsburg_IK17601-1024x683.jpg 1024w, https:\/\/dev.gs-alt-wolfsburg.de\/wp-content\/uploads\/2020\/10\/20200920_GS-Alt-Wolfsburg_IK17601-300x200.jpg 300w, https:\/\/dev.gs-alt-wolfsburg.de\/wp-content\/uploads\/2020\/10\/20200920_GS-Alt-Wolfsburg_IK17601-768x512.jpg 768w, https:\/\/dev.gs-alt-wolfsburg.de\/wp-content\/uploads\/2020\/10\/20200920_GS-Alt-Wolfsburg_IK17601.jpg 1280w\" sizes=\"(max-width: 1024px) 100vw, 1024px\" \/><\/figure>\n\n\n\n<figure class=\"wp-block-image size-large\"><img loading=\"lazy\" decoding=\"async\" width=\"1024\" height=\"683\" data-id=\"607\" src=\"https:\/\/dev.gs-alt-wolfsburg.de\/wp-content\/uploads\/2020\/10\/20201004_GS-Alt-Wolfsburg_IK17728-1024x683.jpg\" alt=\"\" class=\"wp-image-607\" srcset=\"https:\/\/dev.gs-alt-wolfsburg.de\/wp-content\/uploads\/2020\/10\/20201004_GS-Alt-Wolfsburg_IK17728-1024x683.jpg 1024w, https:\/\/dev.gs-alt-wolfsburg.de\/wp-content\/uploads\/2020\/10\/20201004_GS-Alt-Wolfsburg_IK17728-300x200.jpg 300w, https:\/\/dev.gs-alt-wolfsburg.de\/wp-content\/uploads\/2020\/10\/20201004_GS-Alt-Wolfsburg_IK17728-768x512.jpg 768w, https:\/\/dev.gs-alt-wolfsburg.de\/wp-content\/uploads\/2020\/10\/20201004_GS-Alt-Wolfsburg_IK17728.jpg 1280w\" sizes=\"(max-width: 1024px) 100vw, 1024px\" \/><\/figure>\n\n\n\n<figure class=\"wp-block-image size-large\"><img loading=\"lazy\" decoding=\"async\" width=\"1024\" height=\"683\" data-id=\"608\" src=\"https:\/\/dev.gs-alt-wolfsburg.de\/wp-content\/uploads\/2020\/10\/20200920_GS-Alt-Wolfsburg_IK17604-1024x683.jpg\" alt=\"\" class=\"wp-image-608\" srcset=\"https:\/\/dev.gs-alt-wolfsburg.de\/wp-content\/uploads\/2020\/10\/20200920_GS-Alt-Wolfsburg_IK17604-1024x683.jpg 1024w, https:\/\/dev.gs-alt-wolfsburg.de\/wp-content\/uploads\/2020\/10\/20200920_GS-Alt-Wolfsburg_IK17604-300x200.jpg 300w, https:\/\/dev.gs-alt-wolfsburg.de\/wp-content\/uploads\/2020\/10\/20200920_GS-Alt-Wolfsburg_IK17604-768x512.jpg 768w, https:\/\/dev.gs-alt-wolfsburg.de\/wp-content\/uploads\/2020\/10\/20200920_GS-Alt-Wolfsburg_IK17604.jpg 1280w\" sizes=\"(max-width: 1024px) 100vw, 1024px\" \/><\/figure>\n\n\n\n<figure class=\"wp-block-image size-large\"><img loading=\"lazy\" decoding=\"async\" width=\"1024\" height=\"469\" data-id=\"609\" src=\"https:\/\/dev.gs-alt-wolfsburg.de\/wp-content\/uploads\/2020\/10\/20200920_GS-Alt-Wolfsburg_IK17605-Bearbeitet-1024x469.jpg\" alt=\"\" class=\"wp-image-609\" srcset=\"https:\/\/dev.gs-alt-wolfsburg.de\/wp-content\/uploads\/2020\/10\/20200920_GS-Alt-Wolfsburg_IK17605-Bearbeitet-1024x469.jpg 1024w, https:\/\/dev.gs-alt-wolfsburg.de\/wp-content\/uploads\/2020\/10\/20200920_GS-Alt-Wolfsburg_IK17605-Bearbeitet-300x137.jpg 300w, https:\/\/dev.gs-alt-wolfsburg.de\/wp-content\/uploads\/2020\/10\/20200920_GS-Alt-Wolfsburg_IK17605-Bearbeitet-768x352.jpg 768w, https:\/\/dev.gs-alt-wolfsburg.de\/wp-content\/uploads\/2020\/10\/20200920_GS-Alt-Wolfsburg_IK17605-Bearbeitet.jpg 1280w\" sizes=\"(max-width: 1024px) 100vw, 1024px\" \/><\/figure>\n<figcaption class=\"blocks-gallery-caption wp-element-caption\">Ganztagsr\u00e4ume<\/figcaption><\/figure>\n\n\n\n<p><\/p>\n\n\n\n<figure class=\"wp-block-image size-large\"><img loading=\"lazy\" decoding=\"async\" width=\"1024\" height=\"678\" src=\"https:\/\/dev.gs-alt-wolfsburg.de\/wp-content\/uploads\/2020\/10\/20200920_GS-Alt-Wolfsburg_IK17600-1-1024x678.jpg\" alt=\"\" class=\"wp-image-610\" srcset=\"https:\/\/dev.gs-alt-wolfsburg.de\/wp-content\/uploads\/2020\/10\/20200920_GS-Alt-Wolfsburg_IK17600-1-1024x678.jpg 1024w, https:\/\/dev.gs-alt-wolfsburg.de\/wp-content\/uploads\/2020\/10\/20200920_GS-Alt-Wolfsburg_IK17600-1-300x199.jpg 300w, https:\/\/dev.gs-alt-wolfsburg.de\/wp-content\/uploads\/2020\/10\/20200920_GS-Alt-Wolfsburg_IK17600-1-768x509.jpg 768w, https:\/\/dev.gs-alt-wolfsburg.de\/wp-content\/uploads\/2020\/10\/20200920_GS-Alt-Wolfsburg_IK17600-1.jpg 1280w\" sizes=\"(max-width: 1024px) 100vw, 1024px\" \/><figcaption class=\"wp-element-caption\">B\u00fcro des Ganztages<\/figcaption><\/figure>\n\n\n\n<p><\/p>\n","protected":false},"excerpt":{"rendered":"<p>Seit dem 1.8.2010 ist die Grundschule Alt Wolfsburg eine Offene Ganztagsschule, d.h. eine Teilnahme am Nachmittagsangebot (auch am Do.) beruht auf Freiwilligkeit. Dienstleister des Nachmittagsangebotes ist der AWO Bezirksverband Braunschweig e.V.. Dieser wird vertreten \u00fcber die Ganztagskoordinatorin Claudia Stevens. Frau Stevens ist im Schuljahr 2025\/2026&nbsp; von 12.00-16.00 Uhr unter der Telefonnummer 05361-8660530 im B\u00fcro erreichbar. [&hellip;]<\/p>\n","protected":false},"author":1,"featured_media":0,"parent":193,"menu_order":0,"comment_status":"closed","ping_status":"closed","template":"","meta":{"footnotes":""},"_links":{"self":[{"href":"https:\/\/dev.gs-alt-wolfsburg.de\/index.php?rest_route=\/wp\/v2\/pages\/202"}],"collection":[{"href":"https:\/\/dev.gs-alt-wolfsburg.de\/index.php?rest_route=\/wp\/v2\/pages"}],"about":[{"href":"https:\/\/dev.gs-alt-wolfsburg.de\/index.php?rest_route=\/wp\/v2\/types\/page"}],"author":[{"embeddable":true,"href":"https:\/\/dev.gs-alt-wolfsburg.de\/index.php?rest_route=\/wp\/v2\/users\/1"}],"replies":[{"embeddable":true,"href":"https:\/\/dev.gs-alt-wolfsburg.de\/index.php?rest_route=%2Fwp%2Fv2%2Fcomments&post=202"}],"version-history":[{"count":36,"href":"https:\/\/dev.gs-alt-wolfsburg.de\/index.php?rest_route=\/wp\/v2\/pages\/202\/revisions"}],"predecessor-version":[{"id":2058,"href":"https:\/\/dev.gs-alt-wolfsburg.de\/index.php?rest_route=\/wp\/v2\/pages\/202\/revisions\/2058"}],"up":[{"embeddable":true,"href":"https:\/\/dev.gs-alt-wolfsburg.de\/index.php?rest_route=\/wp\/v2\/pages\/193"}],"wp:attachment":[{"href":"https:\/\/dev.gs-alt-wolfsburg.de\/index.php?rest_route=%2Fwp%2Fv2%2Fmedia&parent=202"}],"curies":[{"name":"wp","href":"https:\/\/api.w.org\/{rel}","templated":true}]}}